{"id":580,"date":"2021-11-26T13:32:34","date_gmt":"2021-11-26T12:32:34","guid":{"rendered":"https:\/\/praxis-sanavida.ch\/?page_id=580"},"modified":"2022-08-20T12:05:00","modified_gmt":"2022-08-20T10:05:00","slug":"chronische-krankheit-und-familie","status":"publish","type":"page","link":"https:\/\/praxis-sanavida.ch\/es\/angebot\/chronische-krankheit-und-familie\/","title":{"rendered":"Enfermedad cr\u00f3nica  y familia"},"content":{"rendered":"\t\t<div data-elementor-type=\"wp-page\" data-elementor-id=\"580\" class=\"elementor elementor-580\" data-elementor-post-type=\"page\">\n\t\t\t\t\t\t<section class=\"elementor-section elementor-top-section elementor-element elementor-element-8cc0f19 elementor-section-full_width elementor-section-height-default elementor-section-height-default\" data-id=\"8cc0f19\" data-element_type=\"section\" data-e-type=\"section\">\n\t\t\t\t\t\t<div class=\"elementor-container elementor-column-gap-default\">\n\t\t\t\t\t<div class=\"elementor-column elementor-col-50 elementor-top-column elementor-element elementor-element-4815ff2\" data-id=\"4815ff2\" data-element_type=\"column\" data-e-type=\"column\">\n\t\t\t<div class=\"elementor-widget-wrap elementor-element-populated\">\n\t\t\t\t\t\t<div class=\"elementor-element elementor-element-28a3b9d elementor-invisible elementor-widget elementor-widget-image\" data-id=\"28a3b9d\" data-element_type=\"widget\" data-e-type=\"widget\" data-settings=\"{&quot;_animation&quot;:&quot;fadeInLeft&quot;}\" data-widget_type=\"image.default\">\n\t\t\t\t<div class=\"elementor-widget-container\">\n\t\t\t\t\t\t\t\t\t\t\t\t\t\t\t<img fetchpriority=\"high\" decoding=\"async\" width=\"800\" height=\"570\" src=\"https:\/\/praxis-sanavida.ch\/wp-content\/uploads\/2021\/11\/wald-1024x730.jpg\" class=\"attachment-large size-large wp-image-283\" alt=\"\" srcset=\"https:\/\/praxis-sanavida.ch\/wp-content\/uploads\/2021\/11\/wald-1024x730.jpg 1024w, https:\/\/praxis-sanavida.ch\/wp-content\/uploads\/2021\/11\/wald-300x214.jpg 300w, https:\/\/praxis-sanavida.ch\/wp-content\/uploads\/2021\/11\/wald-768x547.jpg 768w, https:\/\/praxis-sanavida.ch\/wp-content\/uploads\/2021\/11\/wald-1536x1095.jpg 1536w, https:\/\/praxis-sanavida.ch\/wp-content\/uploads\/2021\/11\/wald.jpg 1820w\" sizes=\"(max-width: 800px) 100vw, 800px\" \/>\t\t\t\t\t\t\t\t\t\t\t\t\t\t\t<\/div>\n\t\t\t\t<\/div>\n\t\t\t\t\t<\/div>\n\t\t<\/div>\n\t\t\t\t<div class=\"elementor-column elementor-col-50 elementor-top-column elementor-element elementor-element-cc47815\" data-id=\"cc47815\" data-element_type=\"column\" data-e-type=\"column\">\n\t\t\t<div class=\"elementor-widget-wrap elementor-element-populated\">\n\t\t\t\t\t\t<section class=\"elementor-section elementor-inner-section elementor-element elementor-element-e273680 elementor-section-boxed elementor-section-height-default elementor-section-height-default elementor-invisible\" data-id=\"e273680\" data-element_type=\"section\" data-e-type=\"section\" data-settings=\"{&quot;animation&quot;:&quot;fadeInRight&quot;}\">\n\t\t\t\t\t\t<div class=\"elementor-container elementor-column-gap-default\">\n\t\t\t\t\t<div class=\"elementor-column elementor-col-100 elementor-inner-column elementor-element elementor-element-c8325bc\" data-id=\"c8325bc\" data-element_type=\"column\" data-e-type=\"column\">\n\t\t\t<div class=\"elementor-widget-wrap elementor-element-populated\">\n\t\t\t\t\t\t<div class=\"elementor-element elementor-element-335a5e3 elementor-widget__width-initial elementor-widget elementor-widget-heading\" data-id=\"335a5e3\" data-element_type=\"widget\" data-e-type=\"widget\" data-widget_type=\"heading.default\">\n\t\t\t\t<div class=\"elementor-widget-container\">\n\t\t\t\t\t<h1 class=\"elementor-heading-title elementor-size-default\">Chronische Krankheit und Familie<\/h1>\t\t\t\t<\/div>\n\t\t\t\t<\/div>\n\t\t\t\t<div class=\"elementor-element elementor-element-4cd6ff6 elementor-blockquote--skin-clean elementor-widget__width-auto elementor-widget elementor-widget-blockquote\" data-id=\"4cd6ff6\" data-element_type=\"widget\" data-e-type=\"widget\" data-widget_type=\"blockquote.default\">\n\t\t\t\t<div class=\"elementor-widget-container\">\n\t\t\t\t\t\t\t<blockquote class=\"elementor-blockquote\">\n\t\t\t<p class=\"elementor-blockquote__content\">\n\t\t\t\t\u00abDer eine sieht nur B\u00e4ume,<br>\nProbleme dicht an dicht.<br>\nDer andere, Zwischenr\u00e4ume und das Licht.\u00bb\t\t\t<\/p>\n\t\t\t\t\t\t\t<div class=\"e-q-footer\">\n\t\t\t\t\t\t\t\t\t\t\t<cite class=\"elementor-blockquote__author\">(E. Matani)<\/cite>\n\t\t\t\t\t\t\t\t\t\t\t\t\t\t<\/div>\n\t\t\t\t\t<\/blockquote>\n\t\t\t\t\t\t<\/div>\n\t\t\t\t<\/div>\n\t\t\t\t\t<\/div>\n\t\t<\/div>\n\t\t\t\t\t<\/div>\n\t\t<\/section>\n\t\t\t\t\t<\/div>\n\t\t<\/div>\n\t\t\t\t\t<\/div>\n\t\t<\/section>\n\t\t\t\t<section class=\"elementor-section elementor-top-section elementor-element elementor-element-e1905d0 elementor-section-full_width elementor-section-height-default elementor-section-height-default\" data-id=\"e1905d0\" data-element_type=\"section\" data-e-type=\"section\">\n\t\t\t\t\t\t<div class=\"elementor-container elementor-column-gap-default\">\n\t\t\t\t\t<div class=\"elementor-column elementor-col-100 elementor-top-column elementor-element elementor-element-4df31f0\" data-id=\"4df31f0\" data-element_type=\"column\" data-e-type=\"column\">\n\t\t\t<div class=\"elementor-widget-wrap elementor-element-populated\">\n\t\t\t\t\t\t<div class=\"elementor-element elementor-element-2704091 elementor-widget elementor-widget-heading\" data-id=\"2704091\" data-element_type=\"widget\" data-e-type=\"widget\" data-widget_type=\"heading.default\">\n\t\t\t\t<div class=\"elementor-widget-container\">\n\t\t\t\t\t<h2 class=\"elementor-heading-title elementor-size-default\">Chronische Krankheit und Familie<\/h2>\t\t\t\t<\/div>\n\t\t\t\t<\/div>\n\t\t\t\t<div class=\"elementor-element elementor-element-73039e3 elementor-fixed elementor-widget__width-auto elementor-widget elementor-widget-html\" data-id=\"73039e3\" data-element_type=\"widget\" data-e-type=\"widget\" data-settings=\"{&quot;motion_fx_motion_fx_scrolling&quot;:&quot;yes&quot;,&quot;motion_fx_translateY_effect&quot;:&quot;yes&quot;,&quot;_position&quot;:&quot;fixed&quot;,&quot;motion_fx_translateY_speed&quot;:{&quot;unit&quot;:&quot;px&quot;,&quot;size&quot;:4,&quot;sizes&quot;:[]},&quot;motion_fx_translateY_affectedRange&quot;:{&quot;unit&quot;:&quot;%&quot;,&quot;size&quot;:&quot;&quot;,&quot;sizes&quot;:{&quot;start&quot;:0,&quot;end&quot;:100}},&quot;motion_fx_devices&quot;:[&quot;desktop&quot;,&quot;tablet&quot;,&quot;mobile&quot;]}\" data-widget_type=\"html.default\">\n\t\t\t\t<div class=\"elementor-widget-container\">\n\t\t\t\t\t<div class=\"kugel\"><\/div>\t\t\t\t<\/div>\n\t\t\t\t<\/div>\n\t\t\t\t\t<\/div>\n\t\t<\/div>\n\t\t\t\t\t<\/div>\n\t\t<\/section>\n\t\t\t\t<section class=\"elementor-section elementor-top-section elementor-element elementor-element-be3ff24 elementor-section-full_width elementor-section-height-default elementor-section-height-default\" data-id=\"be3ff24\" data-element_type=\"section\" data-e-type=\"section\">\n\t\t\t\t\t\t<div class=\"elementor-container elementor-column-gap-default\">\n\t\t\t\t\t<div class=\"elementor-column elementor-col-100 elementor-top-column elementor-element elementor-element-fb510f3\" data-id=\"fb510f3\" data-element_type=\"column\" data-e-type=\"column\">\n\t\t\t<div class=\"elementor-widget-wrap elementor-element-populated\">\n\t\t\t\t\t\t<div class=\"elementor-element elementor-element-492c30d elementor-widget elementor-widget-text-editor\" data-id=\"492c30d\" data-element_type=\"widget\" data-e-type=\"widget\" data-widget_type=\"text-editor.default\">\n\t\t\t\t<div class=\"elementor-widget-container\">\n\t\t\t\t\t\t\t\t\t<p>Eine k\u00f6rperlich chronische Erkrankung im Kindesalter betrifft die ganze Familie und erfordert von dieser eine enorme Anpassungsleistung. Unabh\u00e4ngig von der Art der chronischen Erkrankung ist allen gemein, dass die gesamte Familie stark belastet ist und sich ihr Alltag, die innerfamili\u00e4ren Rollen, Routinen, Aktivit\u00e4ten, Ziele, Werte sowie das Familienklima von heute auf morgen ver\u00e4ndern. Es bedeutet, alte Gewohnheiten, Abl\u00e4ufe und Vorstellungen zu verlassen und erfordert eine Neuorientierung.<\/p><p>Besonders nach der Diagnoserstellung befindet sich die Familie in einer Ausnahmesituation. Ein Wechselbad von Gef\u00fchlen bei allen Familienmitgliedern, ein Bewegen zwischen Gegenwarts- und Zukunfts\u00e4ngsten, Ohnmacht, Frust, Wut (warum wir? warum mein Kind?), Scham- und Schuldgef\u00fchlen.<\/p><p>Die Belastung und Auseinandersetzung mit der Diagnose beziehen sich auf die Akzeptanz der Erkrankung sowie auf die damit verbundenen Auswirkungen auf die Partnerschaft, die Geschwisterkinder, die Erziehung, die schulische, berufliche, finanzielle Situation, die Lebensplanung und die Zukunftsperspektiven.<\/p><p>Hauptfokus der Beratung und Begleitung liegt darauf, die Familie und ihre individuellen Ressourcen zu st\u00e4rken, um die Eltern und Geschwister chronisch kranker Kinder in der besonderen Belastungssituation in ihrer Entwicklung zu unterst\u00fctzen sowie das Risiko f\u00fcr potenzielle oder bereits vorhandene emotionale Belastungen zu reduzieren.<\/p>\t\t\t\t\t\t\t\t<\/div>\n\t\t\t\t<\/div>\n\t\t\t\t\t<\/div>\n\t\t<\/div>\n\t\t\t\t\t<\/div>\n\t\t<\/section>\n\t\t\t\t<section class=\"elementor-section elementor-top-section elementor-element elementor-element-ea90fb3 elementor-section-full_width elementor-section-height-default elementor-section-height-default elementor-invisible\" data-id=\"ea90fb3\" data-element_type=\"section\" data-e-type=\"section\" data-settings=\"{&quot;background_background&quot;:&quot;classic&quot;,&quot;animation&quot;:&quot;fadeInLeft&quot;}\">\n\t\t\t\t\t\t<div class=\"elementor-container elementor-column-gap-default\">\n\t\t\t\t\t<div class=\"elementor-column elementor-col-100 elementor-top-column elementor-element elementor-element-7b76955\" data-id=\"7b76955\" data-element_type=\"column\" data-e-type=\"column\">\n\t\t\t<div class=\"elementor-widget-wrap elementor-element-populated\">\n\t\t\t\t\t\t<div class=\"elementor-element elementor-element-9ff6621 elementor-widget elementor-widget-heading\" data-id=\"9ff6621\" data-element_type=\"widget\" data-e-type=\"widget\" data-widget_type=\"heading.default\">\n\t\t\t\t<div class=\"elementor-widget-container\">\n\t\t\t\t\t<h3 class=\"elementor-heading-title elementor-size-default\">Geschwister<\/h3>\t\t\t\t<\/div>\n\t\t\t\t<\/div>\n\t\t\t\t<div class=\"elementor-element elementor-element-30bec3a elementor-widget elementor-widget-text-editor\" data-id=\"30bec3a\" data-element_type=\"widget\" data-e-type=\"widget\" data-widget_type=\"text-editor.default\">\n\t\t\t\t<div class=\"elementor-widget-container\">\n\t\t\t\t\t\t\t\t\t<p>\u00abIch wusste, dass mein Bruder krank war, sehr krank. Ich wollte auch niemals krank sein; was f\u00fcr eine absurde Idee. Ich will meine Eltern doch nicht noch mehr belasten. Sie sollen sich keine Sorgen um mich machen m\u00fcssen. Ich bin stolz, dass ich das bis jetzt so hingekriege und ganz selbstst\u00e4ndig bin. Und trotzdem w\u00fcnsche ich mir manchmal, dass meine Eltern so viel Zeit f\u00fcr mich h\u00e4tten, wie f\u00fcr ihn. Daf\u00fcr beneide ich ihn wirklich. Aber er hat es ja auch schwerer- und muss fr\u00fcher sterben&#8230; Manchmal tr\u00e4ume ich davon, dass er neben mir stirbt und ich nichts machen kann. Aber das ist mein Geheimnis. Ich habe solche Angst, ihn zu verlieren.\u00bb<\/p>\t\t\t\t\t\t\t\t<\/div>\n\t\t\t\t<\/div>\n\t\t\t\t\t<\/div>\n\t\t<\/div>\n\t\t\t\t\t<\/div>\n\t\t<\/section>\n\t\t\t\t<section class=\"elementor-section elementor-top-section elementor-element elementor-element-bd24e33 elementor-section-full_width elementor-section-height-default elementor-section-height-default\" data-id=\"bd24e33\" data-element_type=\"section\" data-e-type=\"section\">\n\t\t\t\t\t\t<div class=\"elementor-container elementor-column-gap-wider\">\n\t\t\t\t\t<div class=\"elementor-column elementor-col-50 elementor-top-column elementor-element elementor-element-988a146\" data-id=\"988a146\" data-element_type=\"column\" data-e-type=\"column\">\n\t\t\t<div class=\"elementor-widget-wrap elementor-element-populated\">\n\t\t\t\t\t\t<div class=\"elementor-element elementor-element-0374de4 elementor-widget elementor-widget-text-editor\" data-id=\"0374de4\" data-element_type=\"widget\" data-e-type=\"widget\" data-widget_type=\"text-editor.default\">\n\t\t\t\t<div class=\"elementor-widget-container\">\n\t\t\t\t\t\t\t\t\t<p>Das Geschwisterkind ist in mehrfacher Hinsicht von der chronischen Erkrankung betroffen. Oft nehmen sich die Geschwister angesichts der vielf\u00e4ltigen famili\u00e4ren Herausforderungen und Belastungen in ihren Gef\u00fchlen und Bed\u00fcrfnissen h\u00e4ufig zur\u00fcck oder verdr\u00e4ngen sie und zeigen sich von ihrer st\u00e4rksten Seite. Nat\u00fcrliche Interaktionsformen zwischen Geschwistern wie Konflikte, Aggression, Eifersucht werden eher unterdr\u00fcckt, um das kranke Geschwister nicht zu verletzen oder die ohnehin schon belasteten Eltern nicht noch zus\u00e4tzlich zu beanspruchen. Dieses Zur\u00fcckhalten der Emotionen k\u00f6nnte bis zu einem gewissen Grad erkl\u00e4ren, warum viele Geschwisterkinder eher zu internalisierenden Probleme (\u00c4ngste, Depressionen\u2026) als zu externalisierenden (z.B. Aggressionen) neigen. Sie halten sich in ihren Problemen oder N\u00f6ten zur\u00fcck und leiden oft im Stillen. Eine bestehende Trauer oder Eifersucht, zum Beispiel weil das erkrankte Geschwister im Zentrum der Aufmerksamkeit steht, wird m\u00f6glicherweise nicht ausgesprochen. Typisch rivalisierendes, konflikthaftes Verhalten, das eine wichtige Sozialisationsfunktion erf\u00fcllt, kann somit kaum ausgelebt werden.<\/p><p>Oft bem\u00fchen sie sich die Familie zu unterst\u00fctzen und beziehen (unbewusst) die famili\u00e4re Situation auf sich, haben Schuldgef\u00fchle, was die Verursachung der Erkrankung betrifft oder wenn sie ihre physisch unbeschwerte Ausgangs- und Lebenslage mit der ihres Geschwisters vergleichen. Gleichzeitig zeigen sie oft eine gr\u00f6ssere Unabh\u00e4ngigkeit und Verantwortungsbewusstsein sowie einen h\u00f6heren Reifegrad und Sozialkompetenz im Vergleich zu Gleichaltrigen.\u00a0<\/p><p>Eine offene Kommunikation stellt f\u00fcr alle eine Schl\u00fcsselressource dar, da sie Gemeinsamkeit sowie mehr Klarheit schafft, \u00c4ngste verringert, der Orientierung der Kinder dient und die famili\u00e4re Organisation und Planung erleichtert.<\/p>\t\t\t\t\t\t\t\t<\/div>\n\t\t\t\t<\/div>\n\t\t\t\t\t<\/div>\n\t\t<\/div>\n\t\t\t\t<div class=\"elementor-column elementor-col-50 elementor-top-column elementor-element elementor-element-181596a\" data-id=\"181596a\" data-element_type=\"column\" data-e-type=\"column\">\n\t\t\t<div class=\"elementor-widget-wrap elementor-element-populated\">\n\t\t\t\t\t\t<div class=\"elementor-element elementor-element-d2d7b8d elementor-widget elementor-widget-image\" data-id=\"d2d7b8d\" data-element_type=\"widget\" data-e-type=\"widget\" data-widget_type=\"image.default\">\n\t\t\t\t<div class=\"elementor-widget-container\">\n\t\t\t\t\t\t\t\t\t\t\t\t\t\t\t<img decoding=\"async\" width=\"800\" height=\"533\" src=\"https:\/\/praxis-sanavida.ch\/wp-content\/uploads\/2022\/01\/Praxis-Sanavida-Praxis-01-1024x682.jpg\" class=\"attachment-large size-large wp-image-1292\" alt=\"Sitzungszimmer\" srcset=\"https:\/\/praxis-sanavida.ch\/wp-content\/uploads\/2022\/01\/Praxis-Sanavida-Praxis-01-1024x682.jpg 1024w, https:\/\/praxis-sanavida.ch\/wp-content\/uploads\/2022\/01\/Praxis-Sanavida-Praxis-01-300x200.jpg 300w, https:\/\/praxis-sanavida.ch\/wp-content\/uploads\/2022\/01\/Praxis-Sanavida-Praxis-01-768x512.jpg 768w, https:\/\/praxis-sanavida.ch\/wp-content\/uploads\/2022\/01\/Praxis-Sanavida-Praxis-01-1536x1024.jpg 1536w, https:\/\/praxis-sanavida.ch\/wp-content\/uploads\/2022\/01\/Praxis-Sanavida-Praxis-01.jpg 2000w\" sizes=\"(max-width: 800px) 100vw, 800px\" \/>\t\t\t\t\t\t\t\t\t\t\t\t\t\t\t<\/div>\n\t\t\t\t<\/div>\n\t\t\t\t\t<\/div>\n\t\t<\/div>\n\t\t\t\t\t<\/div>\n\t\t<\/section>\n\t\t\t\t<section class=\"elementor-section elementor-top-section elementor-element elementor-element-0b84209 elementor-section-full_width elementor-section-height-default elementor-section-height-default\" data-id=\"0b84209\" data-element_type=\"section\" data-e-type=\"section\" data-settings=\"{&quot;background_background&quot;:&quot;classic&quot;}\">\n\t\t\t\t\t\t<div class=\"elementor-container elementor-column-gap-default\">\n\t\t\t\t\t<div class=\"elementor-column elementor-col-100 elementor-top-column elementor-element elementor-element-fca5816\" data-id=\"fca5816\" data-element_type=\"column\" data-e-type=\"column\">\n\t\t\t<div class=\"elementor-widget-wrap elementor-element-populated\">\n\t\t\t\t\t\t<div class=\"elementor-element elementor-element-1f5e89f elementor-widget elementor-widget-text-editor\" data-id=\"1f5e89f\" data-element_type=\"widget\" data-e-type=\"widget\" data-widget_type=\"text-editor.default\">\n\t\t\t\t<div class=\"elementor-widget-container\">\n\t\t\t\t\t\t\t\t\t<p><strong style=\"font-size: 2rem;\">M\u00f6gliche chronische Erkrankungen<\/strong><\/p><p>Asthma bronchiale<\/p><p>Cystische Fibrose (CF)<\/p><p>Diabetes mellitus Typ I &amp; II<\/p><p>Angeborene Herzfehler<\/p><p>Epilepsien<\/p><p>AD(H)S<\/p><p>Autismus-Spektrum-St\u00f6rung (ASS)<\/p><p>Chronische Darmentz\u00fcndungen<\/p><p>Neurodermitis<\/p><p>div. Sinnes- oder k\u00f6rperliche &amp; geistige Beeintr\u00e4chtigungen<\/p><div dir=\"auto\">\u00a0<\/div>\t\t\t\t\t\t\t\t<\/div>\n\t\t\t\t<\/div>\n\t\t\t\t\t<\/div>\n\t\t<\/div>\n\t\t\t\t\t<\/div>\n\t\t<\/section>\n\t\t\t\t<section class=\"elementor-section elementor-top-section elementor-element elementor-element-e4303f8 elementor-section-full_width elementor-section-height-default elementor-section-height-default\" data-id=\"e4303f8\" data-element_type=\"section\" data-e-type=\"section\" data-settings=\"{&quot;background_background&quot;:&quot;classic&quot;}\">\n\t\t\t\t\t\t<div class=\"elementor-container elementor-column-gap-default\">\n\t\t\t\t\t<div class=\"elementor-column elementor-col-100 elementor-top-column elementor-element elementor-element-37d2114\" data-id=\"37d2114\" data-element_type=\"column\" data-e-type=\"column\">\n\t\t\t<div class=\"elementor-widget-wrap elementor-element-populated\">\n\t\t\t\t\t\t<div class=\"elementor-element elementor-element-7294cf7 elementor-widget elementor-widget-heading\" data-id=\"7294cf7\" data-element_type=\"widget\" data-e-type=\"widget\" data-widget_type=\"heading.default\">\n\t\t\t\t<div class=\"elementor-widget-container\">\n\t\t\t\t\t<h3 class=\"elementor-heading-title elementor-size-default\">Famili\u00e4re Beratung<\/h3>\t\t\t\t<\/div>\n\t\t\t\t<\/div>\n\t\t\t\t\t<\/div>\n\t\t<\/div>\n\t\t\t\t\t<\/div>\n\t\t<\/section>\n\t\t\t\t<section class=\"elementor-section elementor-top-section elementor-element elementor-element-c825871 elementor-section-full_width elementor-section-height-default elementor-section-height-default\" data-id=\"c825871\" data-element_type=\"section\" data-e-type=\"section\">\n\t\t\t\t\t\t<div class=\"elementor-container elementor-column-gap-wider\">\n\t\t\t\t\t<div class=\"elementor-column elementor-col-50 elementor-top-column elementor-element elementor-element-e866a03\" data-id=\"e866a03\" data-element_type=\"column\" data-e-type=\"column\">\n\t\t\t<div class=\"elementor-widget-wrap elementor-element-populated\">\n\t\t\t\t\t\t<div class=\"elementor-element elementor-element-85dde54 elementor-widget elementor-widget-text-editor\" data-id=\"85dde54\" data-element_type=\"widget\" data-e-type=\"widget\" data-widget_type=\"text-editor.default\">\n\t\t\t\t<div class=\"elementor-widget-container\">\n\t\t\t\t\t\t\t\t\t<p>Die Familie wird durch die chronische Erkrankung eines Kindes aus ihren gewohnten Lebenszyklen und Strukturen herausgerissen. Der Beratungs- und Unterst\u00fctzungsbedarf l\u00e4sst sich nicht standardisieren, sondern ist abh\u00e4ngig von der Art der Erkrankung, dem Alter des Kindes, der Phase der Krankheitsbew\u00e4ltigung und weiteren individuellen Ressourcen oder Belastungsfaktoren innerhalb der famili\u00e4ren Situation. Je nach Krankheitsstadium, Phasen oder biographischen Besonderheiten der Kinder, wie Schuleintritt oder Pubert\u00e4t, wird der Hilfebedarf neu erhoben sowie Ziel und Setting angepasst.<\/p>\t\t\t\t\t\t\t\t<\/div>\n\t\t\t\t<\/div>\n\t\t\t\t\t<\/div>\n\t\t<\/div>\n\t\t\t\t<div class=\"elementor-column elementor-col-50 elementor-top-column elementor-element elementor-element-190fb53 elementor-invisible\" data-id=\"190fb53\" data-element_type=\"column\" data-e-type=\"column\" data-settings=\"{&quot;background_background&quot;:&quot;classic&quot;,&quot;animation&quot;:&quot;fadeInRight&quot;}\">\n\t\t\t<div class=\"elementor-widget-wrap elementor-element-populated\">\n\t\t\t\t\t\t<div class=\"elementor-element elementor-element-db65a48 elementor-widget elementor-widget-heading\" data-id=\"db65a48\" data-element_type=\"widget\" data-e-type=\"widget\" data-widget_type=\"heading.default\">\n\t\t\t\t<div class=\"elementor-widget-container\">\n\t\t\t\t\t<h3 class=\"elementor-heading-title elementor-size-default\">M\u00f6gliche Ziele<\/h3>\t\t\t\t<\/div>\n\t\t\t\t<\/div>\n\t\t\t\t<div class=\"elementor-element elementor-element-d5ac262 elementor-widget elementor-widget-text-editor\" data-id=\"d5ac262\" data-element_type=\"widget\" data-e-type=\"widget\" data-widget_type=\"text-editor.default\">\n\t\t\t\t<div class=\"elementor-widget-container\">\n\t\t\t\t\t\t\t\t\t<ul><li>Stabilit\u00e4t und (Re-) Organisation des Alltags der Familie<\/li><li>F\u00f6rderung der Ressourcen und St\u00e4rken von Geschwisterkindern<\/li><li>Gemeinsame Erarbeitung von Bew\u00e4ltigungsstrategien und der Abbau von \u00c4ngsten, Sorgen, Gewissensbisse, Frustration oder anderen Gef\u00fchlen wie Schuld- oder Schamgef\u00fchlen<\/li><li>Umgang mit ambivalenten Gef\u00fchlen und Gedanken<\/li><li>Einbindung und Einbezug von weiteren Hilfe- und Versorgungssystemen<\/li><\/ul>\t\t\t\t\t\t\t\t<\/div>\n\t\t\t\t<\/div>\n\t\t\t\t\t<\/div>\n\t\t<\/div>\n\t\t\t\t\t<\/div>\n\t\t<\/section>\n\t\t\t\t<\/div>\n\t\t","protected":false},"excerpt":{"rendered":"<p>Chronische Krankheit und Familie \u00abDer eine sieht nur B\u00e4ume, Probleme dicht an dicht. Der andere, Zwischenr\u00e4ume und das Licht.\u00bb (E. Matani) Chronische Krankheit und Familie Eine k\u00f6rperlich chronische Erkrankung im Kindesalter betrifft die ganze Familie und erfordert von dieser eine enorme Anpassungsleistung. Unabh\u00e4ngig von der Art der chronischen Erkrankung ist allen gemein, dass die gesamte [&hellip;]<\/p>\n","protected":false},"author":1,"featured_media":0,"parent":15,"menu_order":0,"comment_status":"closed","ping_status":"closed","template":"","meta":{"inline_featured_image":false,"footnotes":""},"class_list":["post-580","page","type-page","status-publish","hentry"],"_links":{"self":[{"href":"https:\/\/praxis-sanavida.ch\/es\/wp-json\/wp\/v2\/pages\/580","targetHints":{"allow":["GET"]}}],"collection":[{"href":"https:\/\/praxis-sanavida.ch\/es\/wp-json\/wp\/v2\/pages"}],"about":[{"href":"https:\/\/praxis-sanavida.ch\/es\/wp-json\/wp\/v2\/types\/page"}],"author":[{"embeddable":true,"href":"https:\/\/praxis-sanavida.ch\/es\/wp-json\/wp\/v2\/users\/1"}],"replies":[{"embeddable":true,"href":"https:\/\/praxis-sanavida.ch\/es\/wp-json\/wp\/v2\/comments?post=580"}],"version-history":[{"count":70,"href":"https:\/\/praxis-sanavida.ch\/es\/wp-json\/wp\/v2\/pages\/580\/revisions"}],"predecessor-version":[{"id":1756,"href":"https:\/\/praxis-sanavida.ch\/es\/wp-json\/wp\/v2\/pages\/580\/revisions\/1756"}],"up":[{"embeddable":true,"href":"https:\/\/praxis-sanavida.ch\/es\/wp-json\/wp\/v2\/pages\/15"}],"wp:attachment":[{"href":"https:\/\/praxis-sanavida.ch\/es\/wp-json\/wp\/v2\/media?parent=580"}],"curies":[{"name":"wp","href":"https:\/\/api.w.org\/{rel}","templated":true}]}}