{"id":17,"date":"2021-10-22T11:44:16","date_gmt":"2021-10-22T09:44:16","guid":{"rendered":"https:\/\/praxis-sanavida.ch\/?page_id=17"},"modified":"2022-08-14T18:02:03","modified_gmt":"2022-08-14T16:02:03","slug":"innere-persoenlichkeitsanteile-ifs-internal-family-system","status":"publish","type":"page","link":"https:\/\/praxis-sanavida.ch\/es\/angebot\/innere-persoenlichkeitsanteile-ifs-internal-family-system\/","title":{"rendered":"IFS (Internal Family System) - Trabajo con rasgos de personalidad"},"content":{"rendered":"\t\t<div data-elementor-type=\"wp-page\" data-elementor-id=\"17\" class=\"elementor elementor-17\" data-elementor-post-type=\"page\">\n\t\t\t\t\t\t<section class=\"elementor-section elementor-top-section elementor-element elementor-element-37710ab6 elementor-section-full_width elementor-section-height-default elementor-section-height-default\" data-id=\"37710ab6\" data-element_type=\"section\" data-e-type=\"section\">\n\t\t\t\t\t\t<div class=\"elementor-container elementor-column-gap-default\">\n\t\t\t\t\t<div class=\"elementor-column elementor-col-50 elementor-top-column elementor-element elementor-element-4e64c63a\" data-id=\"4e64c63a\" data-element_type=\"column\" data-e-type=\"column\">\n\t\t\t<div class=\"elementor-widget-wrap elementor-element-populated\">\n\t\t\t\t\t\t<div class=\"elementor-element elementor-element-9c6913a elementor-invisible elementor-widget elementor-widget-image\" data-id=\"9c6913a\" data-element_type=\"widget\" data-e-type=\"widget\" data-settings=\"{&quot;_animation&quot;:&quot;fadeInLeft&quot;}\" data-widget_type=\"image.default\">\n\t\t\t\t<div class=\"elementor-widget-container\">\n\t\t\t\t\t\t\t\t\t\t\t\t\t\t\t<img fetchpriority=\"high\" decoding=\"async\" width=\"800\" height=\"600\" src=\"https:\/\/praxis-sanavida.ch\/wp-content\/uploads\/2021\/11\/Headerbild-Innere-Persoenlichkeitsanteile-IFS-Internal-Family-System.jpg\" class=\"attachment-large size-large wp-image-706\" alt=\"Headerbild Innere Persoenlichkeitsanteile IFS Internal Family System\" srcset=\"https:\/\/praxis-sanavida.ch\/wp-content\/uploads\/2021\/11\/Headerbild-Innere-Persoenlichkeitsanteile-IFS-Internal-Family-System.jpg 1000w, https:\/\/praxis-sanavida.ch\/wp-content\/uploads\/2021\/11\/Headerbild-Innere-Persoenlichkeitsanteile-IFS-Internal-Family-System-300x225.jpg 300w, https:\/\/praxis-sanavida.ch\/wp-content\/uploads\/2021\/11\/Headerbild-Innere-Persoenlichkeitsanteile-IFS-Internal-Family-System-768x576.jpg 768w\" sizes=\"(max-width: 800px) 100vw, 800px\" \/>\t\t\t\t\t\t\t\t\t\t\t\t\t\t\t<\/div>\n\t\t\t\t<\/div>\n\t\t\t\t\t<\/div>\n\t\t<\/div>\n\t\t\t\t<div class=\"elementor-column elementor-col-50 elementor-top-column elementor-element elementor-element-1885a09f\" data-id=\"1885a09f\" data-element_type=\"column\" data-e-type=\"column\">\n\t\t\t<div class=\"elementor-widget-wrap elementor-element-populated\">\n\t\t\t\t\t\t<section class=\"elementor-section elementor-inner-section elementor-element elementor-element-490700fd elementor-section-boxed elementor-section-height-default elementor-section-height-default elementor-invisible\" data-id=\"490700fd\" data-element_type=\"section\" data-e-type=\"section\" data-settings=\"{&quot;animation&quot;:&quot;fadeInRight&quot;}\">\n\t\t\t\t\t\t<div class=\"elementor-container elementor-column-gap-default\">\n\t\t\t\t\t<div class=\"elementor-column elementor-col-100 elementor-inner-column elementor-element elementor-element-5ef44e11\" data-id=\"5ef44e11\" data-element_type=\"column\" data-e-type=\"column\">\n\t\t\t<div class=\"elementor-widget-wrap elementor-element-populated\">\n\t\t\t\t\t\t<div class=\"elementor-element elementor-element-6263911b elementor-widget__width-initial elementor-widget elementor-widget-heading\" data-id=\"6263911b\" data-element_type=\"widget\" data-e-type=\"widget\" data-widget_type=\"heading.default\">\n\t\t\t\t<div class=\"elementor-widget-container\">\n\t\t\t\t\t<h1 class=\"elementor-heading-title elementor-size-default\">IFS (Internal Family System)<\/h1>\t\t\t\t<\/div>\n\t\t\t\t<\/div>\n\t\t\t\t<div class=\"elementor-element elementor-element-43411c8 elementor-widget elementor-widget-text-editor\" data-id=\"43411c8\" data-element_type=\"widget\" data-e-type=\"widget\" data-widget_type=\"text-editor.default\">\n\t\t\t\t<div class=\"elementor-widget-container\">\n\t\t\t\t\t\t\t\t\t<h3><em>Arbeit mit Pers\u00f6nlichkeitsanteilen<\/em><\/h3>\t\t\t\t\t\t\t\t<\/div>\n\t\t\t\t<\/div>\n\t\t\t\t<div class=\"elementor-element elementor-element-116ba846 elementor-blockquote--skin-clean elementor-widget__width-auto elementor-widget elementor-widget-blockquote\" data-id=\"116ba846\" data-element_type=\"widget\" data-e-type=\"widget\" data-widget_type=\"blockquote.default\">\n\t\t\t\t<div class=\"elementor-widget-container\">\n\t\t\t\t\t\t\t<blockquote class=\"elementor-blockquote\">\n\t\t\t<p class=\"elementor-blockquote__content\">\n\t\t\t\t\u00abIn meinem Leben habe ich unvorstellbar viele Katastrophen erlitten. <br>\nDie meisten davon sind nie eingetreten.\u00bb \t\t\t<\/p>\n\t\t\t\t\t\t\t<div class=\"e-q-footer\">\n\t\t\t\t\t\t\t\t\t\t\t<cite class=\"elementor-blockquote__author\">(Mark Twain)<\/cite>\n\t\t\t\t\t\t\t\t\t\t\t\t\t\t<\/div>\n\t\t\t\t\t<\/blockquote>\n\t\t\t\t\t\t<\/div>\n\t\t\t\t<\/div>\n\t\t\t\t\t<\/div>\n\t\t<\/div>\n\t\t\t\t\t<\/div>\n\t\t<\/section>\n\t\t\t\t\t<\/div>\n\t\t<\/div>\n\t\t\t\t\t<\/div>\n\t\t<\/section>\n\t\t\t\t<section class=\"elementor-section elementor-top-section elementor-element elementor-element-5578e8a3 elementor-section-full_width elementor-section-height-default elementor-section-height-default\" data-id=\"5578e8a3\" data-element_type=\"section\" data-e-type=\"section\">\n\t\t\t\t\t\t<div class=\"elementor-container elementor-column-gap-default\">\n\t\t\t\t\t<div class=\"elementor-column elementor-col-100 elementor-top-column elementor-element elementor-element-4909f688\" data-id=\"4909f688\" data-element_type=\"column\" data-e-type=\"column\">\n\t\t\t<div class=\"elementor-widget-wrap elementor-element-populated\">\n\t\t\t\t\t\t<div class=\"elementor-element elementor-element-1121255f elementor-widget elementor-widget-heading\" data-id=\"1121255f\" data-element_type=\"widget\" data-e-type=\"widget\" data-widget_type=\"heading.default\">\n\t\t\t\t<div class=\"elementor-widget-container\">\n\t\t\t\t\t<h2 class=\"elementor-heading-title elementor-size-default\">IFS Arbeit mit Pers\u00f6nlichkeitsanteilen<br> (IFS = Internal Family System)<\/h2>\t\t\t\t<\/div>\n\t\t\t\t<\/div>\n\t\t\t\t<div class=\"elementor-element elementor-element-4ebfc45f elementor-fixed elementor-widget__width-auto elementor-widget elementor-widget-html\" data-id=\"4ebfc45f\" data-element_type=\"widget\" data-e-type=\"widget\" data-settings=\"{&quot;motion_fx_motion_fx_scrolling&quot;:&quot;yes&quot;,&quot;motion_fx_translateY_effect&quot;:&quot;yes&quot;,&quot;_position&quot;:&quot;fixed&quot;,&quot;motion_fx_translateY_speed&quot;:{&quot;unit&quot;:&quot;px&quot;,&quot;size&quot;:4,&quot;sizes&quot;:[]},&quot;motion_fx_translateY_affectedRange&quot;:{&quot;unit&quot;:&quot;%&quot;,&quot;size&quot;:&quot;&quot;,&quot;sizes&quot;:{&quot;start&quot;:0,&quot;end&quot;:100}},&quot;motion_fx_devices&quot;:[&quot;desktop&quot;,&quot;tablet&quot;,&quot;mobile&quot;]}\" data-widget_type=\"html.default\">\n\t\t\t\t<div class=\"elementor-widget-container\">\n\t\t\t\t\t<div class=\"kugel\"><\/div>\t\t\t\t<\/div>\n\t\t\t\t<\/div>\n\t\t\t\t\t<\/div>\n\t\t<\/div>\n\t\t\t\t\t<\/div>\n\t\t<\/section>\n\t\t\t\t<section class=\"elementor-section elementor-top-section elementor-element elementor-element-58a93c8c elementor-section-full_width elementor-section-height-default elementor-section-height-default\" data-id=\"58a93c8c\" data-element_type=\"section\" data-e-type=\"section\">\n\t\t\t\t\t\t<div class=\"elementor-container elementor-column-gap-default\">\n\t\t\t\t\t<div class=\"elementor-column elementor-col-50 elementor-top-column elementor-element elementor-element-1213d8bd\" data-id=\"1213d8bd\" data-element_type=\"column\" data-e-type=\"column\">\n\t\t\t<div class=\"elementor-widget-wrap elementor-element-populated\">\n\t\t\t\t\t\t<div class=\"elementor-element elementor-element-1ff2a83 elementor-widget elementor-widget-text-editor\" data-id=\"1ff2a83\" data-element_type=\"widget\" data-e-type=\"widget\" data-widget_type=\"text-editor.default\">\n\t\t\t\t<div class=\"elementor-widget-container\">\n\t\t\t\t\t\t\t\t\t<p>Stellen Sie sich einmal vor&#8230;.\u00abSie hatten einen erfolgreichen Tag bei der Arbeit und freuen sich auf einen sturmfreien Abend. Sie schmieden bereits im Auto Pl\u00e4ne f\u00fcr das Abendmenu und als sie die T\u00fcr \u00f6ffnen, ist Kindergeschrei zu h\u00f6ren und Ihr Partner meint, dass er vergessen hat, den Babysitter zu organisieren und er nun gleich zu seinem \u00abM\u00e4nnerabend\u00bb aufbrechen muss.<\/p><p>Die eben noch entspannte Laune schl\u00e4gt um und es endet im Streit- und das auch noch vor den Kindern. Sie verlieren die Kontrolle \u00fcber Ihre Wortwahl oder K\u00f6rper, bereuen es danach, kritisieren oder sch\u00e4men sich f\u00fcr Ihre Reaktion und Umgangsweise.\u00bb<\/p><p>Was w\u00e4ren wir bloss ohne unsere Gedanken oder Gef\u00fchle? Sie geh\u00f6ren zu uns, sie beeinflussen unser Handeln und sie halten Menschen in ihren alten Gleisen fest. Sie bereichern uns oder manchmal, ja, da machen sie uns das Leben schwer.\u00a0<\/p><p>Solche inneren K\u00e4mpfe zwischen Stimmen oder Gedanken, dieses Hin- und Hergerissensein unterschiedlichster Gef\u00fchle, Berg- und Talfahrten und Gedankenkarusselle, geh\u00f6ren zum menschlichen Sein und Alltag. Und doch kommen wir oft an einen Punkt, an dem unser Verhalten aufgrund der durchlebten Gedanken oder Gef\u00fchle, uns \u2018halb wahnsinnig\u2019 machen und wir das Gef\u00fchl haben, uns damit zu schaden<\/p><p>Kaum zu glauben, dass genau diese Verhaltens- und Reaktionsweisen in einer Zeit mal ganz wichtig f\u00fcr uns gewesen sind und, als sogenannte Schutzstrategien, dazu beigetragen haben, in einer Situation emotionaler oder physischer \u00dcberforderung damit umzugehen und den dadurch entstandenen Schmerz auszuhalten oder \u00abzu \u00fcberleben\u00bb. Jeder unserer Teile hat eine gute Absicht, doch sind sie zu extrem geworden und die Strategien passen nicht mehr zum heutigen Lebensumstand oder halten uns in unseren alten Gleisen fest.<\/p>\t\t\t\t\t\t\t\t<\/div>\n\t\t\t\t<\/div>\n\t\t\t\t\t<\/div>\n\t\t<\/div>\n\t\t\t\t<div class=\"elementor-column elementor-col-50 elementor-top-column elementor-element elementor-element-a4974aa\" data-id=\"a4974aa\" data-element_type=\"column\" data-e-type=\"column\">\n\t\t\t<div class=\"elementor-widget-wrap elementor-element-populated\">\n\t\t\t\t\t\t<div class=\"elementor-element elementor-element-d1ef3c5 elementor-widget elementor-widget-image\" data-id=\"d1ef3c5\" data-element_type=\"widget\" data-e-type=\"widget\" data-widget_type=\"image.default\">\n\t\t\t\t<div class=\"elementor-widget-container\">\n\t\t\t\t\t\t\t\t\t\t\t\t\t\t\t<img decoding=\"async\" width=\"699\" height=\"752\" src=\"https:\/\/praxis-sanavida.ch\/wp-content\/uploads\/2021\/11\/Skizze-IFS.png\" class=\"attachment-large size-large wp-image-736\" alt=\"Skizze IFS Internal Family System\" srcset=\"https:\/\/praxis-sanavida.ch\/wp-content\/uploads\/2021\/11\/Skizze-IFS.png 699w, https:\/\/praxis-sanavida.ch\/wp-content\/uploads\/2021\/11\/Skizze-IFS-279x300.png 279w\" sizes=\"(max-width: 699px) 100vw, 699px\" \/>\t\t\t\t\t\t\t\t\t\t\t\t\t\t\t<\/div>\n\t\t\t\t<\/div>\n\t\t\t\t<div class=\"elementor-element elementor-element-6d65fde elementor-widget elementor-widget-text-editor\" data-id=\"6d65fde\" data-element_type=\"widget\" data-e-type=\"widget\" data-widget_type=\"text-editor.default\">\n\t\t\t\t<div class=\"elementor-widget-container\">\n\t\t\t\t\t\t\t\t\t<p>Quelle: <a href=\"https:\/\/pathwaysofmind.com\/attachment\/bessel-van-der-kolk\/internal-family-systems-therapy\/\" target=\"_blank\" rel=\"noopener\">pathwaysofmind.com<\/a><\/p>\t\t\t\t\t\t\t\t<\/div>\n\t\t\t\t<\/div>\n\t\t\t\t\t<\/div>\n\t\t<\/div>\n\t\t\t\t\t<\/div>\n\t\t<\/section>\n\t\t\t\t<section class=\"elementor-section elementor-top-section elementor-element elementor-element-3b99333 elementor-section-full_width elementor-section-height-default elementor-section-height-default\" data-id=\"3b99333\" data-element_type=\"section\" data-e-type=\"section\">\n\t\t\t\t\t\t<div class=\"elementor-container elementor-column-gap-wider\">\n\t\t\t\t\t<div class=\"elementor-column elementor-col-50 elementor-top-column elementor-element elementor-element-30706da5\" data-id=\"30706da5\" data-element_type=\"column\" data-e-type=\"column\">\n\t\t\t<div class=\"elementor-widget-wrap elementor-element-populated\">\n\t\t\t\t\t\t<div class=\"elementor-element elementor-element-6d2bd571 elementor-widget elementor-widget-text-editor\" data-id=\"6d2bd571\" data-element_type=\"widget\" data-e-type=\"widget\" data-widget_type=\"text-editor.default\">\n\t\t\t\t<div class=\"elementor-widget-container\">\n\t\t\t\t\t\t\t\t\t<p>Die Therapie mit dem <strong>I<\/strong>nneren <strong>F<\/strong>amilien <strong>S<\/strong>ystem (IFS), die Arbeit mit Pers\u00f6nlichkeitsanteilen, erm\u00f6glicht, innere Konflikte und akute wie auch langanhaltende Schwierigkeiten zu l\u00f6sen. IFS wurde von dem amerikanischen Psychologen Dr. Richard C. Schwartz entwickelt und ist seit 2015 als wirksame Methode wissenschaftlich anerkannt. Sie findet ihre Anwendung sowohl bei Einzelpersonen, Paaren wie sowie Familien und kommt im klinischen Bereich wie auch im Kontext der Beratung zum Einsatz. Einerseits bew\u00e4hrt sie sich zur Erh\u00f6hung der Stressresistenz rsp. psychischen Belastbarkeit und Resilienz; Andererseits, zur St\u00e4rkung des Selbstvertrauens sowie der Selbstkontrolle.<\/p>\t\t\t\t\t\t\t\t<\/div>\n\t\t\t\t<\/div>\n\t\t\t\t<div class=\"elementor-element elementor-element-18b20440 elementor-widget elementor-widget-text-editor\" data-id=\"18b20440\" data-element_type=\"widget\" data-e-type=\"widget\" data-widget_type=\"text-editor.default\">\n\t\t\t\t<div class=\"elementor-widget-container\">\n\t\t\t\t\t\t\t\t\t<p>Arbeit mit Pers\u00f6nlichkeitsanteilen heisst nicht, dass die damals entstandenen Teile g\u00e4nzlich verschwinden. Doch mit dieser Methode gelingt es, einen anderen Blickwinkel auf die Probleme einnehmen zu k\u00f6nnen sowie auf verbl\u00fcffend schnelle Weise den Ursprung unserer Glaubenss\u00e4tze und alten Denk- sowie Verhaltensmuster (an-) zu erkennen, sie zu ver\u00e4ndern und in der Gegenwart anders zu reagieren.<\/p><p>Anhand dieser Methode erhalten wir eine Reihe von Antworten auf Fragen wie die, was Menschen hilft, anders mit sich (und anderen) umzugehen und das eigene Wohlbefinden zu f\u00f6rdern und st\u00e4rken.<\/p>\t\t\t\t\t\t\t\t<\/div>\n\t\t\t\t<\/div>\n\t\t\t\t\t<\/div>\n\t\t<\/div>\n\t\t\t\t<div class=\"elementor-column elementor-col-50 elementor-top-column elementor-element elementor-element-31a5dd02 elementor-invisible\" data-id=\"31a5dd02\" data-element_type=\"column\" data-e-type=\"column\" data-settings=\"{&quot;background_background&quot;:&quot;classic&quot;,&quot;animation&quot;:&quot;fadeInRight&quot;}\">\n\t\t\t<div class=\"elementor-widget-wrap elementor-element-populated\">\n\t\t\t\t\t\t<div class=\"elementor-element elementor-element-13ddacaa elementor-widget elementor-widget-text-editor\" data-id=\"13ddacaa\" data-element_type=\"widget\" data-e-type=\"widget\" data-widget_type=\"text-editor.default\">\n\t\t\t\t<div class=\"elementor-widget-container\">\n\t\t\t\t\t\t\t\t\t<p><strong>Bei folgenden Erkrankungen, St\u00f6rungen beziehungsweise Erfahrungen einen wertvollen Beitrag zur Milderung des Leidensdrucks oder Heilung geleistet:<\/strong><\/p><ul><li>Einschr\u00e4nkungen des psychischen oder mentalen Wohlbefindens<\/li><li>\u00dcberbelastungen, geringe Belastbarkeit<\/li><li>Burnout<\/li><li>Traumata (sexuellem Missbrauch)<\/li><li>physischer und psychischer Gewalt (wie Mobbing)<\/li><li>zwanghaftem Verhalten<\/li><li>Depression<\/li><li>bipolarer St\u00f6rung<\/li><li>Angstst\u00f6rungen (z. B. generalisierte Angstst\u00f6rung)<\/li><li>Panikattacken<\/li><li>Phobien<\/li><li>Suchterkrankungen<\/li><li>St\u00f6rungen im K\u00f6rperbild<\/li><li>bestimmten k\u00f6rperlichen Leiden<\/li><\/ul>\t\t\t\t\t\t\t\t<\/div>\n\t\t\t\t<\/div>\n\t\t\t\t\t<\/div>\n\t\t<\/div>\n\t\t\t\t\t<\/div>\n\t\t<\/section>\n\t\t\t\t<\/div>\n\t\t","protected":false},"excerpt":{"rendered":"<p>IFS (Internal Family System) Arbeit mit Pers\u00f6nlichkeitsanteilen \u00abIn meinem Leben habe ich unvorstellbar viele Katastrophen erlitten. Die meisten davon sind nie eingetreten.\u00bb (Mark Twain) IFS Arbeit mit Pers\u00f6nlichkeitsanteilen (IFS = Internal Family System) Stellen Sie sich einmal vor&#8230;.\u00abSie hatten einen erfolgreichen Tag bei der Arbeit und freuen sich auf einen sturmfreien Abend. Sie schmieden bereits [&hellip;]<\/p>\n","protected":false},"author":1,"featured_media":0,"parent":15,"menu_order":0,"comment_status":"closed","ping_status":"closed","template":"","meta":{"inline_featured_image":false,"footnotes":""},"class_list":["post-17","page","type-page","status-publish","hentry"],"_links":{"self":[{"href":"https:\/\/praxis-sanavida.ch\/es\/wp-json\/wp\/v2\/pages\/17","targetHints":{"allow":["GET"]}}],"collection":[{"href":"https:\/\/praxis-sanavida.ch\/es\/wp-json\/wp\/v2\/pages"}],"about":[{"href":"https:\/\/praxis-sanavida.ch\/es\/wp-json\/wp\/v2\/types\/page"}],"author":[{"embeddable":true,"href":"https:\/\/praxis-sanavida.ch\/es\/wp-json\/wp\/v2\/users\/1"}],"replies":[{"embeddable":true,"href":"https:\/\/praxis-sanavida.ch\/es\/wp-json\/wp\/v2\/comments?post=17"}],"version-history":[{"count":44,"href":"https:\/\/praxis-sanavida.ch\/es\/wp-json\/wp\/v2\/pages\/17\/revisions"}],"predecessor-version":[{"id":1748,"href":"https:\/\/praxis-sanavida.ch\/es\/wp-json\/wp\/v2\/pages\/17\/revisions\/1748"}],"up":[{"embeddable":true,"href":"https:\/\/praxis-sanavida.ch\/es\/wp-json\/wp\/v2\/pages\/15"}],"wp:attachment":[{"href":"https:\/\/praxis-sanavida.ch\/es\/wp-json\/wp\/v2\/media?parent=17"}],"curies":[{"name":"wp","href":"https:\/\/api.w.org\/{rel}","templated":true}]}}